{"id":580,"date":"2022-03-20T23:08:16","date_gmt":"2022-03-20T23:08:16","guid":{"rendered":"https:\/\/businessmaster.atakansaracoglu.com\/?page_id=31"},"modified":"2023-11-17T09:54:56","modified_gmt":"2023-11-17T09:54:56","slug":"home","status":"publish","type":"page","link":"https:\/\/studiomac.net\/","title":{"rendered":"Home"},"content":{"rendered":"\t\t<div data-elementor-type=\"wp-page\" data-elementor-id=\"580\" class=\"elementor elementor-580\">\n\t\t\t\t\t\t<section class=\"elementor-section elementor-top-section elementor-element elementor-element-17005b3 elementor-section-full_width elementor-section-height-default elementor-section-height-default\" data-id=\"17005b3\" data-element_type=\"section\" data-e-type=\"section\">\n\t\t\t\t\t\t<div class=\"elementor-container elementor-column-gap-no\">\n\t\t\t\t\t<div class=\"elementor-column elementor-col-100 elementor-top-column elementor-element elementor-element-42b5212\" data-id=\"42b5212\" data-element_type=\"column\" data-e-type=\"column\">\n\t\t\t<div class=\"elementor-widget-wrap elementor-element-populated\">\n\t\t\t\t\t\t\t<\/div>\n\t\t<\/div>\n\t\t\t\t\t<\/div>\n\t\t<\/section>\n\t\t<div class=\"elementor-element elementor-element-c6fd7cf e-con-full e-flex e-con e-parent\" data-id=\"c6fd7cf\" data-element_type=\"container\" data-e-type=\"container\">\n\t\t\t\t<div class=\"elementor-element elementor-element-eee3ba7 elementor-widget__width-initial elementor-widget-mobile__width-initial elementor-widget elementor-widget-heading\" data-id=\"eee3ba7\" data-element_type=\"widget\" data-e-type=\"widget\" data-widget_type=\"heading.default\">\n\t\t\t\t<div class=\"elementor-widget-container\">\n\t\t\t\t\t<h2 class=\"elementor-heading-title elementor-size-default\"><span style=\"font-family: Montserrat, Arial, Helvetica, sans-serif;font-size: 24px;font-weight: 500;letter-spacing: -0.02em;text-transform: uppercase;text-align: var(--text-align)\">STUDIO MAC | GESTIONE GLOBALE IMMOBILIARE<\/span><\/h2>\t\t\t\t<\/div>\n\t\t\t\t<\/div>\n\t\t\t\t<\/div>\n\t\t<div class=\"elementor-element elementor-element-c57b3ab e-con-full e-flex e-con e-parent\" data-id=\"c57b3ab\" data-element_type=\"container\" data-e-type=\"container\">\n\t\t<div class=\"elementor-element elementor-element-fe1541e e-con-full e-flex e-con e-child\" data-id=\"fe1541e\" data-element_type=\"container\" data-e-type=\"container\">\n\t\t\t\t<div class=\"elementor-element elementor-element-a70329d elementor-widget__width-initial elementor-widget elementor-widget-text-editor\" data-id=\"a70329d\" data-element_type=\"widget\" data-e-type=\"widget\" data-widget_type=\"text-editor.default\">\n\t\t\t\t<div class=\"elementor-widget-container\">\n\t\t\t\t\t\t\t\t\t<p><span style=\"color: #000000;\">Lo Studio MAC s.r.l., dell\u2019amministratore unico Stanislao Massaro,\u00a0 opera nel settore delle amministrazioni condominiali nella citt\u00e0 di Cosenza e nell\u2019intera Provincia.<\/span><\/p><p><span style=\"font-family: var( --e-global-typography-text-font-family ), Sans-serif; font-weight: var( --e-global-typography-text-font-weight ); font-size: 1rem; color: #000000;\">La seriet\u00e0 professionale, i numerosi immobili gestiti e l\u2019indice di gradimento degli amministrati sono il nostro core business aziendale.<\/span><\/p><p><span style=\"color: #000000;\">Lo Studio MAC si avvale delle pi\u00f9 recenti tecnologie in campo tecnico a livello informatico ed amministrativo, inoltre \u00e8 costantemente in linea con le nuove direttive legali, contabili, amministrative e fiscali che regolano questo settore.<\/span><\/p><p><span style=\"color: #000000;\">Velocit\u00e0 di azione, capacit\u00e0 di trovare opportune soluzioni alle problematiche e capillarit\u00e0 di intervento sul territorio: questi sono i nostri punti fermi; questa \u00e8 la nostra realt\u00e0 operativa.<\/span><\/p><p><span style=\"color: #000000;\">Infatti, lo Studio MAC s.r.l., oltre ai servizi condominiali tradizionalmente intesi, garantisce ai propri amministrati altre forme di prestazioni al passo con i tempi e con la tecnologia.<\/span><\/p><p><span style=\"color: #000000;\">Tanto al fine di abbreviare le distanze esistenti tra l\u2019amministratore ed i condomini.<\/span><\/p>\t\t\t\t\t\t\t\t<\/div>\n\t\t\t\t<\/div>\n\t\t\t\t<\/div>\n\t\t<div class=\"elementor-element elementor-element-cea835e e-con-full e-flex e-con e-child\" data-id=\"cea835e\" data-element_type=\"container\" data-e-type=\"container\">\n\t\t\t\t<div class=\"elementor-element elementor-element-8deb172 elementor-widget elementor-widget-text-editor\" data-id=\"8deb172\" data-element_type=\"widget\" data-e-type=\"widget\" data-widget_type=\"text-editor.default\">\n\t\t\t\t<div class=\"elementor-widget-container\">\n\t\t\t\t\t\t\t\t\t<p><span style=\"color: #3366ff;\">L\u2019amministratore unico dello Studio MAC s.r.l., \u00e8 stato iscritto dal 1997 al 2020 ad associazione di categoria professionale e dal 2021 continua autonomamente nei propri obblighi formativi partecipando a corsi di rilevanza nazionale, sempre regolarmente certificati.<\/span><\/p>\t\t\t\t\t\t\t\t<\/div>\n\t\t\t\t<\/div>\n\t\t\t\t<div class=\"elementor-element elementor-element-77f38fe elementor-widget elementor-widget-html\" data-id=\"77f38fe\" data-element_type=\"widget\" data-e-type=\"widget\" data-widget_type=\"html.default\">\n\t\t\t\t<div class=\"elementor-widget-container\">\n\t\t\t\t\t\n<div><a href=\"https:\/\/www.condominioweb.com\" target=\"_blank\"><img decoding=\"async\" src=\"https:\/\/www.condominioweb.com\/img_cdw\/logo_condominioweb_blu.svg\" alt=\"Condominioweb.com - Il portale N.1 sul condominio\" width=\"300\" style=\"max-width:100%;\"><\/a><iframe src=\"https:\/\/www.condominioweb.com\/public\/widget\/news_scroll.php?width=300&height=60%&C_sfondo=transparent&F_size=16&C_font=00439F&C_font2=00439F&D_color=000000\" frameborder=\"0\" width=\"100%\" style=\"width:100%;max-height:250px;overflow:hidden\"><\/iframe><\/div>\t\t\t\t<\/div>\n\t\t\t\t<\/div>\n\t\t\t\t<\/div>\n\t\t\t\t<\/div>\n\t\t<div class=\"elementor-element elementor-element-20d96ec e-flex e-con-boxed e-con e-parent\" data-id=\"20d96ec\" data-element_type=\"container\" data-e-type=\"container\">\n\t\t\t\t\t<div class=\"e-con-inner\">\n\t\t\t\t<div class=\"elementor-element elementor-element-0d35c47 elementor-widget elementor-widget-heading\" data-id=\"0d35c47\" data-element_type=\"widget\" data-e-type=\"widget\" data-widget_type=\"heading.default\">\n\t\t\t\t<div class=\"elementor-widget-container\">\n\t\t\t\t\t<h2 class=\"elementor-heading-title elementor-size-default\"><font color=\"#333333\" face=\"Montserrat, Arial, Helvetica, sans-serif\"><span style=\"font-size: 24px;font-weight: 500;letter-spacing: -0.48px;text-transform: uppercase\">ultime notizie dallo staff di studio mac<\/span><\/font><\/h2>\t\t\t\t<\/div>\n\t\t\t\t<\/div>\n\t\t\t\t\t<\/div>\n\t\t\t\t<\/div>\n\t\t<div class=\"elementor-element elementor-element-70fe6e2 e-con-full e-flex e-con e-parent\" data-id=\"70fe6e2\" data-element_type=\"container\" data-e-type=\"container\">\n\t\t\t\t<div class=\"elementor-element elementor-element-4a59689 premium-blog-align-center premium-blog-align-center premium-blog__carousel-yes elementor-widget elementor-widget-premium-addon-blog\" data-id=\"4a59689\" data-element_type=\"widget\" data-e-type=\"widget\" data-settings=\"{&quot;premium_blog_columns_number&quot;:&quot;25%&quot;,&quot;premium_blog_carousel&quot;:&quot;yes&quot;,&quot;premium_blog_grid&quot;:&quot;yes&quot;,&quot;premium_blog_layout&quot;:&quot;even&quot;,&quot;premium_blog_columns_number_tablet&quot;:&quot;50%&quot;,&quot;premium_blog_columns_number_mobile&quot;:&quot;100%&quot;,&quot;carousel_speed&quot;:300,&quot;premium_blog_carousel_spacing&quot;:&quot;15&quot;,&quot;premium_blog_carousel_arrows&quot;:&quot;yes&quot;,&quot;arrows_position&quot;:&quot;default&quot;}\" data-widget_type=\"premium-addon-blog.default\">\n\t\t\t\t<div class=\"elementor-widget-container\">\n\t\t\t\t\t\r\n\t\t\r\n\r\n\t\t\t\t<div class=\"premium-blog-wrap  premium-blog-even premium-carousel-hidden\" data-page=\"580\">\r\n\t\t\t\t\t\t\t\t\t<div class=\"premium-blog-post-outer-container\" data-total=\"1\">\r\n\t\t\t<div class=\"premium-blog-post-container premium-blog-skin-modern\">\r\n\t\t\t\t\t\t\t\t\t<div class=\"premium-blog-thumb-effect-wrapper\">\r\n\t\t\t\t\t\t<div class=\"premium-blog-thumbnail-container premium-blog-zoomin-effect\">\r\n\t\t\t\t\t\t\t\t\t\t\t<a href=\"https:\/\/studiomac.net\/index.php\/bmservices\/nuovo-servizio-whatsapp-assistente-h24\/\" target=\"_self\">\r\n\t\t\t\t<img fetchpriority=\"high\" decoding=\"async\" width=\"640\" height=\"360\" src=\"https:\/\/studiomac.net\/wp-content\/uploads\/2025\/06\/whatsapp-studiomac-1024x576.jpg\" class=\"attachment-large size-large wp-image-1170\" alt=\"\" srcset=\"https:\/\/studiomac.net\/wp-content\/uploads\/2025\/06\/whatsapp-studiomac-1024x576.jpg 1024w, https:\/\/studiomac.net\/wp-content\/uploads\/2025\/06\/whatsapp-studiomac-300x169.jpg 300w, https:\/\/studiomac.net\/wp-content\/uploads\/2025\/06\/whatsapp-studiomac-768x432.jpg 768w, https:\/\/studiomac.net\/wp-content\/uploads\/2025\/06\/whatsapp-studiomac-1536x864.jpg 1536w, https:\/\/studiomac.net\/wp-content\/uploads\/2025\/06\/whatsapp-studiomac-2048x1152.jpg 2048w\" sizes=\"(max-width: 640px) 100vw, 640px\" \/>\t\t\t\t<\/a>\r\n\t\t\t\t\t\t\t\t\t\t<\/div>\r\n\t\t\t\t\t\t\t\t\t\t\t\t\t<div class=\"premium-blog-effect-container premium-blog-diagonal-effect\">\r\n\t\t\t\t\t\t\t\t<a class=\"premium-blog-post-link\" href=\"https:\/\/studiomac.net\/index.php\/bmservices\/nuovo-servizio-whatsapp-assistente-h24\/\" target=\"_self\"><span>NUOVO SERVIZIO WHATSAPP \u2013 ASSISTENTE H24<\/span><\/a>\r\n\t\t\t\t\t\t\t\t\t\t\t\t\t\t\t<\/div>\r\n\t\t\t\t\t\t\t\t\t\t\t<\/div>\r\n\t\t\t\t\t\t\t\t\t\t\t\t<div class=\"premium-blog-content-wrapper \">\r\n\r\n\t\t\t\t\t<div class=\"premium-blog-inner-container\">\r\n\r\n\t\t\t\t\t\t\t\t\t\t\t\t\t\t<h2 class=\"premium-blog-entry-title\">\r\n\t\t\t<a href=\"https:\/\/studiomac.net\/index.php\/bmservices\/nuovo-servizio-whatsapp-assistente-h24\/\" target=\"_self\">\r\n\t\t\t\tNUOVO SERVIZIO WHATSAPP \u2013 ASSISTENTE H24\t\t\t<\/a>\r\n\t\t<\/h2>\r\n\t\t\t\t<div class=\"premium-blog-entry-meta\">\r\n\t\t\t\r\n\t\t\t\r\n\t\t\t\r\n\t\t\t\t\t<\/div>\r\n\t\t\r\n\t\t\t\t\t<\/div>\r\n\r\n\t\t\t\t\t\t\t<div class=\"premium-blog-content-inner-wrapper\">\r\n\t\t<p class=\"premium-blog-post-content\">Lo Studio di Amministrazione Condominiale informa che \u00e8 attivo un nuovo servizio di assistenza H24 tramite WhatsApp, dedicato a: informazioni relative alle \u2026<\/p>\t\t<\/div>\r\n\t\t\t\t\t\t\t\r\n\t\t\t\t<\/div>\r\n\t\t\t<\/div>\r\n\t\t<\/div>\r\n\r\n\t\t\t\t<div class=\"premium-blog-post-outer-container\" data-total=\"1\">\r\n\t\t\t<div class=\"premium-blog-post-container premium-blog-skin-modern\">\r\n\t\t\t\t\t\t\t\t\t<div class=\"premium-blog-thumb-effect-wrapper\">\r\n\t\t\t\t\t\t<div class=\"premium-blog-thumbnail-container premium-blog-zoomin-effect\">\r\n\t\t\t\t\t\t\t\t\t\t\t<a href=\"https:\/\/studiomac.net\/index.php\/bmservices\/comunicazione-importante\/\" target=\"_self\">\r\n\t\t\t\t<img decoding=\"async\" width=\"241\" height=\"125\" src=\"https:\/\/studiomac.net\/wp-content\/uploads\/2022\/03\/logo-studiomac.png\" class=\"attachment-large size-large wp-image-702\" alt=\"\" \/>\t\t\t\t<\/a>\r\n\t\t\t\t\t\t\t\t\t\t<\/div>\r\n\t\t\t\t\t\t\t\t\t\t\t\t\t<div class=\"premium-blog-effect-container premium-blog-diagonal-effect\">\r\n\t\t\t\t\t\t\t\t<a class=\"premium-blog-post-link\" href=\"https:\/\/studiomac.net\/index.php\/bmservices\/comunicazione-importante\/\" target=\"_self\"><span>Comunicazione Importante<\/span><\/a>\r\n\t\t\t\t\t\t\t\t\t\t\t\t\t\t\t<\/div>\r\n\t\t\t\t\t\t\t\t\t\t\t<\/div>\r\n\t\t\t\t\t\t\t\t\t\t\t\t<div class=\"premium-blog-content-wrapper \">\r\n\r\n\t\t\t\t\t<div class=\"premium-blog-inner-container\">\r\n\r\n\t\t\t\t\t\t\t\t\t\t\t\t\t\t<h2 class=\"premium-blog-entry-title\">\r\n\t\t\t<a href=\"https:\/\/studiomac.net\/index.php\/bmservices\/comunicazione-importante\/\" target=\"_self\">\r\n\t\t\t\tComunicazione Importante\t\t\t<\/a>\r\n\t\t<\/h2>\r\n\t\t\t\t<div class=\"premium-blog-entry-meta\">\r\n\t\t\t\r\n\t\t\t\r\n\t\t\t\r\n\t\t\t\t\t<\/div>\r\n\t\t\r\n\t\t\t\t\t<\/div>\r\n\r\n\t\t\t\t\t\t\t<div class=\"premium-blog-content-inner-wrapper\">\r\n\t\t<p class=\"premium-blog-post-content\">Gentili Condomini, Vi informiamo che lo Studio Mac Srl osserver\u00e0 i seguenti orari dal 4 agosto al 6 settembre 2024: &#8211; *Risposta \u2026<\/p>\t\t<\/div>\r\n\t\t\t\t\t\t\t\r\n\t\t\t\t<\/div>\r\n\t\t\t<\/div>\r\n\t\t<\/div>\r\n\r\n\t\t\t\t<div class=\"premium-blog-post-outer-container\" data-total=\"1\">\r\n\t\t\t<div class=\"premium-blog-post-container premium-blog-skin-modern\">\r\n\t\t\t\t\t\t\t\t\t<div class=\"premium-blog-thumb-effect-wrapper\">\r\n\t\t\t\t\t\t<div class=\"premium-blog-thumbnail-container premium-blog-zoomin-effect\">\r\n\t\t\t\t\t\t\t\t\t\t\t<a href=\"https:\/\/studiomac.net\/index.php\/bmservices\/novita-importanti-da-studiomac\/\" target=\"_self\">\r\n\t\t\t\t<img decoding=\"async\" width=\"241\" height=\"125\" src=\"https:\/\/studiomac.net\/wp-content\/uploads\/2023\/10\/logo-studiomac.png\" class=\"attachment-large size-large wp-image-595\" alt=\"\" \/>\t\t\t\t<\/a>\r\n\t\t\t\t\t\t\t\t\t\t<\/div>\r\n\t\t\t\t\t\t\t\t\t\t\t\t\t<div class=\"premium-blog-effect-container premium-blog-diagonal-effect\">\r\n\t\t\t\t\t\t\t\t<a class=\"premium-blog-post-link\" href=\"https:\/\/studiomac.net\/index.php\/bmservices\/novita-importanti-da-studiomac\/\" target=\"_self\"><span>NOVIT\u00c0 IMPORTANTI DA STUDIOMAC<\/span><\/a>\r\n\t\t\t\t\t\t\t\t\t\t\t\t\t\t\t<\/div>\r\n\t\t\t\t\t\t\t\t\t\t\t<\/div>\r\n\t\t\t\t\t\t\t\t\t\t\t\t<div class=\"premium-blog-content-wrapper \">\r\n\r\n\t\t\t\t\t<div class=\"premium-blog-inner-container\">\r\n\r\n\t\t\t\t\t\t\t\t\t\t\t\t\t\t<h2 class=\"premium-blog-entry-title\">\r\n\t\t\t<a href=\"https:\/\/studiomac.net\/index.php\/bmservices\/novita-importanti-da-studiomac\/\" target=\"_self\">\r\n\t\t\t\tNOVIT\u00c0 IMPORTANTI DA STUDIOMAC\t\t\t<\/a>\r\n\t\t<\/h2>\r\n\t\t\t\t<div class=\"premium-blog-entry-meta\">\r\n\t\t\t\r\n\t\t\t\r\n\t\t\t\r\n\t\t\t\t\t<\/div>\r\n\t\t\r\n\t\t\t\t\t<\/div>\r\n\r\n\t\t\t\t\t\t\t<div class=\"premium-blog-content-inner-wrapper\">\r\n\t\t<p class=\"premium-blog-post-content\">I cond\u00f2mini possono pagare le proprie rate con addebito su conto corrente direttamente dalla pagina\u00a0Area C\u00f2ndomini\u00a0del nostro stesso sito, accedendo alla sezione \u2026<\/p>\t\t<\/div>\r\n\t\t\t\t\t\t\t\r\n\t\t\t\t<\/div>\r\n\t\t\t<\/div>\r\n\t\t<\/div>\r\n\r\n\t\t\t\t<div class=\"premium-blog-post-outer-container\" data-total=\"1\">\r\n\t\t\t<div class=\"premium-blog-post-container premium-blog-skin-modern\">\r\n\t\t\t\t\t\t\t\t\t<div class=\"premium-blog-thumb-effect-wrapper\">\r\n\t\t\t\t\t\t<div class=\"premium-blog-thumbnail-container premium-blog-zoomin-effect\">\r\n\t\t\t\t\t\t\t\t\t\t\t<a href=\"https:\/\/studiomac.net\/index.php\/bmservices\/superbonus-cosa-temono-le-banche\/\" target=\"_self\">\r\n\t\t\t\t<img loading=\"lazy\" decoding=\"async\" width=\"640\" height=\"408\" src=\"https:\/\/studiomac.net\/wp-content\/uploads\/2022\/04\/superbonus-studiomac.png\" class=\"attachment-large size-large wp-image-825\" alt=\"\" srcset=\"https:\/\/studiomac.net\/wp-content\/uploads\/2022\/04\/superbonus-studiomac.png 892w, https:\/\/studiomac.net\/wp-content\/uploads\/2022\/04\/superbonus-studiomac-300x191.png 300w, https:\/\/studiomac.net\/wp-content\/uploads\/2022\/04\/superbonus-studiomac-768x490.png 768w\" sizes=\"(max-width: 640px) 100vw, 640px\" \/>\t\t\t\t<\/a>\r\n\t\t\t\t\t\t\t\t\t\t<\/div>\r\n\t\t\t\t\t\t\t\t\t\t\t\t\t<div class=\"premium-blog-effect-container premium-blog-diagonal-effect\">\r\n\t\t\t\t\t\t\t\t<a class=\"premium-blog-post-link\" href=\"https:\/\/studiomac.net\/index.php\/bmservices\/superbonus-cosa-temono-le-banche\/\" target=\"_self\"><span>SUPERBONUS: COSA TEMONO LE BANCHE<\/span><\/a>\r\n\t\t\t\t\t\t\t\t\t\t\t\t\t\t\t<\/div>\r\n\t\t\t\t\t\t\t\t\t\t\t<\/div>\r\n\t\t\t\t\t\t\t\t\t\t\t\t<div class=\"premium-blog-content-wrapper \">\r\n\r\n\t\t\t\t\t<div class=\"premium-blog-inner-container\">\r\n\r\n\t\t\t\t\t\t\t\t\t\t\t\t\t\t<h2 class=\"premium-blog-entry-title\">\r\n\t\t\t<a href=\"https:\/\/studiomac.net\/index.php\/bmservices\/superbonus-cosa-temono-le-banche\/\" target=\"_self\">\r\n\t\t\t\tSUPERBONUS: COSA TEMONO LE BANCHE\t\t\t<\/a>\r\n\t\t<\/h2>\r\n\t\t\t\t<div class=\"premium-blog-entry-meta\">\r\n\t\t\t\r\n\t\t\t\r\n\t\t\t\r\n\t\t\t\t\t<\/div>\r\n\t\t\r\n\t\t\t\t\t<\/div>\r\n\r\n\t\t\t\t\t\t\t<div class=\"premium-blog-content-inner-wrapper\">\r\n\t\t<p class=\"premium-blog-post-content\">La Circolare 23\/E dell\u2019Agenzia delle Entrate ha introdotto grandi novit\u00e0 in merito alla cessione del credito per il Superbonus 110%. Se prima, \u2026<\/p>\t\t<\/div>\r\n\t\t\t\t\t\t\t\r\n\t\t\t\t<\/div>\r\n\t\t\t<\/div>\r\n\t\t<\/div>\r\n\r\n\t\t\t\t<div class=\"premium-blog-post-outer-container\" data-total=\"1\">\r\n\t\t\t<div class=\"premium-blog-post-container premium-blog-skin-modern\">\r\n\t\t\t\t\t\t\t\t\t<div class=\"premium-blog-thumb-effect-wrapper\">\r\n\t\t\t\t\t\t<div class=\"premium-blog-thumbnail-container premium-blog-zoomin-effect\">\r\n\t\t\t\t\t\t\t\t\t\t\t<a href=\"https:\/\/studiomac.net\/index.php\/bmservices\/studiomac-srl-gestione-globale-immobiliare\/\" target=\"_self\">\r\n\t\t\t\t<img loading=\"lazy\" decoding=\"async\" width=\"640\" height=\"321\" src=\"https:\/\/studiomac.net\/wp-content\/uploads\/2022\/04\/GESTIONE-GLOBALE-STUDIOMAC.png\" class=\"attachment-large size-large wp-image-830\" alt=\"\" srcset=\"https:\/\/studiomac.net\/wp-content\/uploads\/2022\/04\/GESTIONE-GLOBALE-STUDIOMAC.png 886w, https:\/\/studiomac.net\/wp-content\/uploads\/2022\/04\/GESTIONE-GLOBALE-STUDIOMAC-300x150.png 300w, https:\/\/studiomac.net\/wp-content\/uploads\/2022\/04\/GESTIONE-GLOBALE-STUDIOMAC-768x385.png 768w\" sizes=\"(max-width: 640px) 100vw, 640px\" \/>\t\t\t\t<\/a>\r\n\t\t\t\t\t\t\t\t\t\t<\/div>\r\n\t\t\t\t\t\t\t\t\t\t\t\t\t<div class=\"premium-blog-effect-container premium-blog-diagonal-effect\">\r\n\t\t\t\t\t\t\t\t<a class=\"premium-blog-post-link\" href=\"https:\/\/studiomac.net\/index.php\/bmservices\/studiomac-srl-gestione-globale-immobiliare\/\" target=\"_self\"><span>STUDIO MAC SRL, GESTIONE GLOBALE IMMOBILIARE<\/span><\/a>\r\n\t\t\t\t\t\t\t\t\t\t\t\t\t\t\t<\/div>\r\n\t\t\t\t\t\t\t\t\t\t\t<\/div>\r\n\t\t\t\t\t\t\t\t\t\t\t\t<div class=\"premium-blog-content-wrapper \">\r\n\r\n\t\t\t\t\t<div class=\"premium-blog-inner-container\">\r\n\r\n\t\t\t\t\t\t\t\t\t\t\t\t\t\t<h2 class=\"premium-blog-entry-title\">\r\n\t\t\t<a href=\"https:\/\/studiomac.net\/index.php\/bmservices\/studiomac-srl-gestione-globale-immobiliare\/\" target=\"_self\">\r\n\t\t\t\tSTUDIO MAC SRL, GESTIONE GLOBALE IMMOBILIARE\t\t\t<\/a>\r\n\t\t<\/h2>\r\n\t\t\t\t<div class=\"premium-blog-entry-meta\">\r\n\t\t\t\r\n\t\t\t\r\n\t\t\t\r\n\t\t\t\t\t<\/div>\r\n\t\t\r\n\t\t\t\t\t<\/div>\r\n\r\n\t\t\t\t\t\t\t<div class=\"premium-blog-content-inner-wrapper\">\r\n\t\t<p class=\"premium-blog-post-content\">Lo Studio Mac Srl opera nel settore delle amministrazioni condominiali nella citt\u00e0 di Cosenza e nell\u2019intera Provincia. La seriet\u00e0 professionale, i numerosi \u2026<\/p>\t\t<\/div>\r\n\t\t\t\t\t\t\t\r\n\t\t\t\t<\/div>\r\n\t\t\t<\/div>\r\n\t\t<\/div>\r\n\r\n\t\t\t\t<div class=\"premium-blog-post-outer-container\" data-total=\"1\">\r\n\t\t\t<div class=\"premium-blog-post-container premium-blog-skin-modern\">\r\n\t\t\t\t\t\t\t\t\t<div class=\"premium-blog-thumb-effect-wrapper\">\r\n\t\t\t\t\t\t<div class=\"premium-blog-thumbnail-container premium-blog-zoomin-effect\">\r\n\t\t\t\t\t\t\t\t\t\t\t<a href=\"https:\/\/studiomac.net\/index.php\/bmservices\/nuovo-dcpm-novembre-2020\/\" target=\"_self\">\r\n\t\t\t\t<img loading=\"lazy\" decoding=\"async\" width=\"640\" height=\"375\" src=\"https:\/\/studiomac.net\/wp-content\/uploads\/2022\/04\/DCPM-STUDIOMAC.png\" class=\"attachment-large size-large wp-image-831\" alt=\"\" srcset=\"https:\/\/studiomac.net\/wp-content\/uploads\/2022\/04\/DCPM-STUDIOMAC.png 824w, https:\/\/studiomac.net\/wp-content\/uploads\/2022\/04\/DCPM-STUDIOMAC-300x176.png 300w, https:\/\/studiomac.net\/wp-content\/uploads\/2022\/04\/DCPM-STUDIOMAC-768x450.png 768w\" sizes=\"(max-width: 640px) 100vw, 640px\" \/>\t\t\t\t<\/a>\r\n\t\t\t\t\t\t\t\t\t\t<\/div>\r\n\t\t\t\t\t\t\t\t\t\t\t\t\t<div class=\"premium-blog-effect-container premium-blog-diagonal-effect\">\r\n\t\t\t\t\t\t\t\t<a class=\"premium-blog-post-link\" href=\"https:\/\/studiomac.net\/index.php\/bmservices\/nuovo-dcpm-novembre-2020\/\" target=\"_self\"><span>NUOVO DPCM NOVEMBRE 2020<\/span><\/a>\r\n\t\t\t\t\t\t\t\t\t\t\t\t\t\t\t<\/div>\r\n\t\t\t\t\t\t\t\t\t\t\t<\/div>\r\n\t\t\t\t\t\t\t\t\t\t\t\t<div class=\"premium-blog-content-wrapper \">\r\n\r\n\t\t\t\t\t<div class=\"premium-blog-inner-container\">\r\n\r\n\t\t\t\t\t\t\t\t\t\t\t\t\t\t<h2 class=\"premium-blog-entry-title\">\r\n\t\t\t<a href=\"https:\/\/studiomac.net\/index.php\/bmservices\/nuovo-dcpm-novembre-2020\/\" target=\"_self\">\r\n\t\t\t\tNUOVO DPCM NOVEMBRE 2020\t\t\t<\/a>\r\n\t\t<\/h2>\r\n\t\t\t\t<div class=\"premium-blog-entry-meta\">\r\n\t\t\t\r\n\t\t\t\r\n\t\t\t\r\n\t\t\t\t\t<\/div>\r\n\t\t\r\n\t\t\t\t\t<\/div>\r\n\r\n\t\t\t\t\t\t\t<div class=\"premium-blog-content-inner-wrapper\">\r\n\t\t<p class=\"premium-blog-post-content\">In occasione dell\u2019emanazione e conferma delle direttive previste nel nuovo DPCM Novembre 2020, si ricorda che lo sportello incassi rimarr\u00e0 chiuso.\u00a0 I \u2026<\/p>\t\t<\/div>\r\n\t\t\t\t\t\t\t\r\n\t\t\t\t<\/div>\r\n\t\t\t<\/div>\r\n\t\t<\/div>\r\n\r\n\t\t\t\t<div class=\"premium-blog-post-outer-container\" data-total=\"1\">\r\n\t\t\t<div class=\"premium-blog-post-container premium-blog-skin-modern\">\r\n\t\t\t\t\t\t\t\t\t<div class=\"premium-blog-thumb-effect-wrapper\">\r\n\t\t\t\t\t\t<div class=\"premium-blog-thumbnail-container premium-blog-zoomin-effect\">\r\n\t\t\t\t\t\t\t\t\t\t\t<a href=\"https:\/\/studiomac.net\/index.php\/bmservices\/decreto-rilancio-agevolazioni-edilizie\/\" target=\"_self\">\r\n\t\t\t\t<img loading=\"lazy\" decoding=\"async\" width=\"640\" height=\"362\" src=\"https:\/\/studiomac.net\/wp-content\/uploads\/2022\/04\/superbonus-2-studiomac.png\" class=\"attachment-large size-large wp-image-832\" alt=\"\" srcset=\"https:\/\/studiomac.net\/wp-content\/uploads\/2022\/04\/superbonus-2-studiomac.png 816w, https:\/\/studiomac.net\/wp-content\/uploads\/2022\/04\/superbonus-2-studiomac-300x170.png 300w, https:\/\/studiomac.net\/wp-content\/uploads\/2022\/04\/superbonus-2-studiomac-768x435.png 768w\" sizes=\"(max-width: 640px) 100vw, 640px\" \/>\t\t\t\t<\/a>\r\n\t\t\t\t\t\t\t\t\t\t<\/div>\r\n\t\t\t\t\t\t\t\t\t\t\t\t\t<div class=\"premium-blog-effect-container premium-blog-diagonal-effect\">\r\n\t\t\t\t\t\t\t\t<a class=\"premium-blog-post-link\" href=\"https:\/\/studiomac.net\/index.php\/bmservices\/decreto-rilancio-agevolazioni-edilizie\/\" target=\"_self\"><span>DECRETO RILANCIO: AGEVOLAZIONI EDILIZIE<\/span><\/a>\r\n\t\t\t\t\t\t\t\t\t\t\t\t\t\t\t<\/div>\r\n\t\t\t\t\t\t\t\t\t\t\t<\/div>\r\n\t\t\t\t\t\t\t\t\t\t\t\t<div class=\"premium-blog-content-wrapper \">\r\n\r\n\t\t\t\t\t<div class=\"premium-blog-inner-container\">\r\n\r\n\t\t\t\t\t\t\t\t\t\t\t\t\t\t<h2 class=\"premium-blog-entry-title\">\r\n\t\t\t<a href=\"https:\/\/studiomac.net\/index.php\/bmservices\/decreto-rilancio-agevolazioni-edilizie\/\" target=\"_self\">\r\n\t\t\t\tDECRETO RILANCIO: AGEVOLAZIONI EDILIZIE\t\t\t<\/a>\r\n\t\t<\/h2>\r\n\t\t\t\t<div class=\"premium-blog-entry-meta\">\r\n\t\t\t\r\n\t\t\t\r\n\t\t\t\r\n\t\t\t\t\t<\/div>\r\n\t\t\r\n\t\t\t\t\t<\/div>\r\n\r\n\t\t\t\t\t\t\t<div class=\"premium-blog-content-inner-wrapper\">\r\n\t\t<p class=\"premium-blog-post-content\">Secondo quanto previsto dal\u00a0Decreto Rilancio\u00a0vi \u00e8 la possibilit\u00e0 di accedere alle nuove agevolazioni edilizie al fine di migliorare le unit\u00e0 immobiliari, indipendenti \u2026<\/p>\t\t<\/div>\r\n\t\t\t\t\t\t\t\r\n\t\t\t\t<\/div>\r\n\t\t\t<\/div>\r\n\t\t<\/div>\r\n\r\n\t\t\t\t<div class=\"premium-blog-post-outer-container\" data-total=\"1\">\r\n\t\t\t<div class=\"premium-blog-post-container premium-blog-skin-modern\">\r\n\t\t\t\t\t\t\t\t\t<div class=\"premium-blog-thumb-effect-wrapper\">\r\n\t\t\t\t\t\t<div class=\"premium-blog-thumbnail-container premium-blog-zoomin-effect\">\r\n\t\t\t\t\t\t\t\t\t\t\t<a href=\"https:\/\/studiomac.net\/index.php\/bmservices\/riapertura-sportello-incassi\/\" target=\"_self\">\r\n\t\t\t\t<img decoding=\"async\" width=\"241\" height=\"125\" src=\"https:\/\/studiomac.net\/wp-content\/uploads\/2022\/03\/logo-studiomac.png\" class=\"attachment-large size-large wp-image-702\" alt=\"\" \/>\t\t\t\t<\/a>\r\n\t\t\t\t\t\t\t\t\t\t<\/div>\r\n\t\t\t\t\t\t\t\t\t\t\t\t\t<div class=\"premium-blog-effect-container premium-blog-diagonal-effect\">\r\n\t\t\t\t\t\t\t\t<a class=\"premium-blog-post-link\" href=\"https:\/\/studiomac.net\/index.php\/bmservices\/riapertura-sportello-incassi\/\" target=\"_self\"><span>RIAPERTURA SPORTELLO INCASSI<\/span><\/a>\r\n\t\t\t\t\t\t\t\t\t\t\t\t\t\t\t<\/div>\r\n\t\t\t\t\t\t\t\t\t\t\t<\/div>\r\n\t\t\t\t\t\t\t\t\t\t\t\t<div class=\"premium-blog-content-wrapper \">\r\n\r\n\t\t\t\t\t<div class=\"premium-blog-inner-container\">\r\n\r\n\t\t\t\t\t\t\t\t\t\t\t\t\t\t<h2 class=\"premium-blog-entry-title\">\r\n\t\t\t<a href=\"https:\/\/studiomac.net\/index.php\/bmservices\/riapertura-sportello-incassi\/\" target=\"_self\">\r\n\t\t\t\tRIAPERTURA SPORTELLO INCASSI\t\t\t<\/a>\r\n\t\t<\/h2>\r\n\t\t\t\t<div class=\"premium-blog-entry-meta\">\r\n\t\t\t\r\n\t\t\t\r\n\t\t\t\r\n\t\t\t\t\t<\/div>\r\n\t\t\r\n\t\t\t\t\t<\/div>\r\n\r\n\t\t\t\t\t\t\t<div class=\"premium-blog-content-inner-wrapper\">\r\n\t\t<p class=\"premium-blog-post-content\">A seguito delle ultime direttive emanate dal PdC, Studio Mac informa tutti i condomini che a partire dal\u00a018 Maggio, lo sportello incassi \u2026<\/p>\t\t<\/div>\r\n\t\t\t\t\t\t\t\r\n\t\t\t\t<\/div>\r\n\t\t\t<\/div>\r\n\t\t<\/div>\r\n\r\n\t\t\t\t<div class=\"premium-blog-post-outer-container\" data-total=\"1\">\r\n\t\t\t<div class=\"premium-blog-post-container premium-blog-skin-modern\">\r\n\t\t\t\t\t\t\t\t\t<div class=\"premium-blog-thumb-effect-wrapper\">\r\n\t\t\t\t\t\t<div class=\"premium-blog-thumbnail-container premium-blog-zoomin-effect\">\r\n\t\t\t\t\t\t\t\t\t\t\t<a href=\"https:\/\/studiomac.net\/index.php\/bmservices\/multicerta-app-per-le-comunicazioni\/\" target=\"_self\">\r\n\t\t\t\t<img loading=\"lazy\" decoding=\"async\" width=\"183\" height=\"50\" src=\"https:\/\/studiomac.net\/wp-content\/uploads\/2023\/10\/multicerta-studiomac.png\" class=\"attachment-large size-large wp-image-837\" alt=\"\" \/>\t\t\t\t<\/a>\r\n\t\t\t\t\t\t\t\t\t\t<\/div>\r\n\t\t\t\t\t\t\t\t\t\t\t\t\t<div class=\"premium-blog-effect-container premium-blog-diagonal-effect\">\r\n\t\t\t\t\t\t\t\t<a class=\"premium-blog-post-link\" href=\"https:\/\/studiomac.net\/index.php\/bmservices\/multicerta-app-per-le-comunicazioni\/\" target=\"_self\"><span>MULTICERTA: APP PER LE COMUNICAZIONI<\/span><\/a>\r\n\t\t\t\t\t\t\t\t\t\t\t\t\t\t\t<\/div>\r\n\t\t\t\t\t\t\t\t\t\t\t<\/div>\r\n\t\t\t\t\t\t\t\t\t\t\t\t<div class=\"premium-blog-content-wrapper \">\r\n\r\n\t\t\t\t\t<div class=\"premium-blog-inner-container\">\r\n\r\n\t\t\t\t\t\t\t\t\t\t\t\t\t\t<h2 class=\"premium-blog-entry-title\">\r\n\t\t\t<a href=\"https:\/\/studiomac.net\/index.php\/bmservices\/multicerta-app-per-le-comunicazioni\/\" target=\"_self\">\r\n\t\t\t\tMULTICERTA: APP PER LE COMUNICAZIONI\t\t\t<\/a>\r\n\t\t<\/h2>\r\n\t\t\t\t<div class=\"premium-blog-entry-meta\">\r\n\t\t\t\r\n\t\t\t\r\n\t\t\t\r\n\t\t\t\t\t<\/div>\r\n\t\t\r\n\t\t\t\t\t<\/div>\r\n\r\n\t\t\t\t\t\t\t<div class=\"premium-blog-content-inner-wrapper\">\r\n\t\t<p class=\"premium-blog-post-content\">Come gi\u00e0 comunicato in precedenza, Vi indichiamo quale app scaricare per poter rimanere sempre aggiornati sulle comunicazioni condominiali: Multicerta\u00a0 Si tratta di \u2026<\/p>\t\t<\/div>\r\n\t\t\t\t\t\t\t\r\n\t\t\t\t<\/div>\r\n\t\t\t<\/div>\r\n\t\t<\/div>\r\n\r\n\t\t\t\t<div class=\"premium-blog-post-outer-container\" data-total=\"1\">\r\n\t\t\t<div class=\"premium-blog-post-container premium-blog-skin-modern\">\r\n\t\t\t\t\t\t\t\t\t<div class=\"premium-blog-thumb-effect-wrapper\">\r\n\t\t\t\t\t\t<div class=\"premium-blog-thumbnail-container premium-blog-zoomin-effect\">\r\n\t\t\t\t\t\t\t\t\t\t\t<a href=\"https:\/\/studiomac.net\/index.php\/bmservices\/restateacasa\/\" target=\"_self\">\r\n\t\t\t\t<img loading=\"lazy\" decoding=\"async\" width=\"640\" height=\"358\" src=\"https:\/\/studiomac.net\/wp-content\/uploads\/2023\/10\/covid-studiomac.png\" class=\"attachment-large size-large wp-image-840\" alt=\"\" srcset=\"https:\/\/studiomac.net\/wp-content\/uploads\/2023\/10\/covid-studiomac.png 882w, https:\/\/studiomac.net\/wp-content\/uploads\/2023\/10\/covid-studiomac-300x168.png 300w, https:\/\/studiomac.net\/wp-content\/uploads\/2023\/10\/covid-studiomac-768x430.png 768w\" sizes=\"(max-width: 640px) 100vw, 640px\" \/>\t\t\t\t<\/a>\r\n\t\t\t\t\t\t\t\t\t\t<\/div>\r\n\t\t\t\t\t\t\t\t\t\t\t\t\t<div class=\"premium-blog-effect-container premium-blog-diagonal-effect\">\r\n\t\t\t\t\t\t\t\t<a class=\"premium-blog-post-link\" href=\"https:\/\/studiomac.net\/index.php\/bmservices\/restateacasa\/\" target=\"_self\"><span>#RESTATEACASA<\/span><\/a>\r\n\t\t\t\t\t\t\t\t\t\t\t\t\t\t\t<\/div>\r\n\t\t\t\t\t\t\t\t\t\t\t<\/div>\r\n\t\t\t\t\t\t\t\t\t\t\t\t<div class=\"premium-blog-content-wrapper \">\r\n\r\n\t\t\t\t\t<div class=\"premium-blog-inner-container\">\r\n\r\n\t\t\t\t\t\t\t\t\t\t\t\t\t\t<h2 class=\"premium-blog-entry-title\">\r\n\t\t\t<a href=\"https:\/\/studiomac.net\/index.php\/bmservices\/restateacasa\/\" target=\"_self\">\r\n\t\t\t\t#RESTATEACASA\t\t\t<\/a>\r\n\t\t<\/h2>\r\n\t\t\t\t<div class=\"premium-blog-entry-meta\">\r\n\t\t\t\r\n\t\t\t\r\n\t\t\t\r\n\t\t\t\t\t<\/div>\r\n\t\t\r\n\t\t\t\t\t<\/div>\r\n\r\n\t\t\t\t\t\t\t<div class=\"premium-blog-content-inner-wrapper\">\r\n\t\t<p class=\"premium-blog-post-content\">Rinnoviamo ed integriamo gli avvisi precedentemente comunicati sul sito e tutti i social grazie! \u00a0#RESTATEACASA \u00a0COMUNICAZIONE DI SERVIZIO COVID-19 In riferimento al \u2026<\/p>\t\t<\/div>\r\n\t\t\t\t\t\t\t\r\n\t\t\t\t<\/div>\r\n\t\t\t<\/div>\r\n\t\t<\/div>\r\n\r\n\t\t\t\t<div class=\"premium-blog-post-outer-container\" data-total=\"1\">\r\n\t\t\t<div class=\"premium-blog-post-container premium-blog-skin-modern\">\r\n\t\t\t\t\t\t\t\t\t<div class=\"premium-blog-thumb-effect-wrapper\">\r\n\t\t\t\t\t\t<div class=\"premium-blog-thumbnail-container premium-blog-zoomin-effect\">\r\n\t\t\t\t\t\t\t\t\t\t\t<a href=\"https:\/\/studiomac.net\/index.php\/bmservices\/coronavirus-regole-e-indicazioni\/\" target=\"_self\">\r\n\t\t\t\t<img loading=\"lazy\" decoding=\"async\" width=\"640\" height=\"358\" src=\"https:\/\/studiomac.net\/wp-content\/uploads\/2023\/10\/covid-studiomac.png\" class=\"attachment-large size-large wp-image-840\" alt=\"\" srcset=\"https:\/\/studiomac.net\/wp-content\/uploads\/2023\/10\/covid-studiomac.png 882w, https:\/\/studiomac.net\/wp-content\/uploads\/2023\/10\/covid-studiomac-300x168.png 300w, https:\/\/studiomac.net\/wp-content\/uploads\/2023\/10\/covid-studiomac-768x430.png 768w\" sizes=\"(max-width: 640px) 100vw, 640px\" \/>\t\t\t\t<\/a>\r\n\t\t\t\t\t\t\t\t\t\t<\/div>\r\n\t\t\t\t\t\t\t\t\t\t\t\t\t<div class=\"premium-blog-effect-container premium-blog-diagonal-effect\">\r\n\t\t\t\t\t\t\t\t<a class=\"premium-blog-post-link\" href=\"https:\/\/studiomac.net\/index.php\/bmservices\/coronavirus-regole-e-indicazioni\/\" target=\"_self\"><span>CORONAVIRUS: REGOLE E INDICAZIONI<\/span><\/a>\r\n\t\t\t\t\t\t\t\t\t\t\t\t\t\t\t<\/div>\r\n\t\t\t\t\t\t\t\t\t\t\t<\/div>\r\n\t\t\t\t\t\t\t\t\t\t\t\t<div class=\"premium-blog-content-wrapper \">\r\n\r\n\t\t\t\t\t<div class=\"premium-blog-inner-container\">\r\n\r\n\t\t\t\t\t\t\t\t\t\t\t\t\t\t<h2 class=\"premium-blog-entry-title\">\r\n\t\t\t<a href=\"https:\/\/studiomac.net\/index.php\/bmservices\/coronavirus-regole-e-indicazioni\/\" target=\"_self\">\r\n\t\t\t\tCORONAVIRUS: REGOLE E INDICAZIONI\t\t\t<\/a>\r\n\t\t<\/h2>\r\n\t\t\t\t<div class=\"premium-blog-entry-meta\">\r\n\t\t\t\r\n\t\t\t\r\n\t\t\t\r\n\t\t\t\t\t<\/div>\r\n\t\t\r\n\t\t\t\t\t<\/div>\r\n\r\n\t\t\t\t\t\t\t<div class=\"premium-blog-content-inner-wrapper\">\r\n\t\t<p class=\"premium-blog-post-content\">Come comunicato verbalmente o via mail a coloro i quali ci hanno contattato, desideriamo mettere a disposizione di tutti queste informazioni, considerato \u2026<\/p>\t\t<\/div>\r\n\t\t\t\t\t\t\t\r\n\t\t\t\t<\/div>\r\n\t\t\t<\/div>\r\n\t\t<\/div>\r\n\r\n\t\t\t\t<div class=\"premium-blog-post-outer-container\" data-total=\"1\">\r\n\t\t\t<div class=\"premium-blog-post-container premium-blog-skin-modern\">\r\n\t\t\t\t\t\t\t\t\t<div class=\"premium-blog-thumb-effect-wrapper\">\r\n\t\t\t\t\t\t<div class=\"premium-blog-thumbnail-container premium-blog-zoomin-effect\">\r\n\t\t\t\t\t\t\t\t\t\t\t<a href=\"https:\/\/studiomac.net\/index.php\/bmservices\/coronavirus-comunicazione-di-servizio\/\" target=\"_self\">\r\n\t\t\t\t<img loading=\"lazy\" decoding=\"async\" width=\"640\" height=\"358\" src=\"https:\/\/studiomac.net\/wp-content\/uploads\/2023\/10\/covid-studiomac.png\" class=\"attachment-large size-large wp-image-840\" alt=\"\" srcset=\"https:\/\/studiomac.net\/wp-content\/uploads\/2023\/10\/covid-studiomac.png 882w, https:\/\/studiomac.net\/wp-content\/uploads\/2023\/10\/covid-studiomac-300x168.png 300w, https:\/\/studiomac.net\/wp-content\/uploads\/2023\/10\/covid-studiomac-768x430.png 768w\" sizes=\"(max-width: 640px) 100vw, 640px\" \/>\t\t\t\t<\/a>\r\n\t\t\t\t\t\t\t\t\t\t<\/div>\r\n\t\t\t\t\t\t\t\t\t\t\t\t\t<div class=\"premium-blog-effect-container premium-blog-diagonal-effect\">\r\n\t\t\t\t\t\t\t\t<a class=\"premium-blog-post-link\" href=\"https:\/\/studiomac.net\/index.php\/bmservices\/coronavirus-comunicazione-di-servizio\/\" target=\"_self\"><span>CORONAVIRUS: COMUNICAZIONE DI SERVIZIO.<\/span><\/a>\r\n\t\t\t\t\t\t\t\t\t\t\t\t\t\t\t<\/div>\r\n\t\t\t\t\t\t\t\t\t\t\t<\/div>\r\n\t\t\t\t\t\t\t\t\t\t\t\t<div class=\"premium-blog-content-wrapper \">\r\n\r\n\t\t\t\t\t<div class=\"premium-blog-inner-container\">\r\n\r\n\t\t\t\t\t\t\t\t\t\t\t\t\t\t<h2 class=\"premium-blog-entry-title\">\r\n\t\t\t<a href=\"https:\/\/studiomac.net\/index.php\/bmservices\/coronavirus-comunicazione-di-servizio\/\" target=\"_self\">\r\n\t\t\t\tCORONAVIRUS: COMUNICAZIONE DI SERVIZIO.\t\t\t<\/a>\r\n\t\t<\/h2>\r\n\t\t\t\t<div class=\"premium-blog-entry-meta\">\r\n\t\t\t\r\n\t\t\t\r\n\t\t\t\r\n\t\t\t\t\t<\/div>\r\n\t\t\r\n\t\t\t\t\t<\/div>\r\n\r\n\t\t\t\t\t\t\t<div class=\"premium-blog-content-inner-wrapper\">\r\n\t\t<p class=\"premium-blog-post-content\">Facendo seguito alle direttive del\u00a0decreto ministeriale del 09\/03\/2020\u00a0e nel pieno rispetto degli obblighi di legge, poich\u00e9 ricorrono n\u00e9 le possibilit\u00e0 e n\u00e9 \u2026<\/p>\t\t<\/div>\r\n\t\t\t\t\t\t\t\r\n\t\t\t\t<\/div>\r\n\t\t\t<\/div>\r\n\t\t<\/div>\r\n\r\n\t\t\t\t<div class=\"premium-blog-post-outer-container\" data-total=\"1\">\r\n\t\t\t<div class=\"premium-blog-post-container premium-blog-skin-modern\">\r\n\t\t\t\t\t\t\t\t\t<div class=\"premium-blog-thumb-effect-wrapper\">\r\n\t\t\t\t\t\t<div class=\"premium-blog-thumbnail-container premium-blog-zoomin-effect\">\r\n\t\t\t\t\t\t\t\t\t\t\t<a href=\"https:\/\/studiomac.net\/index.php\/bmservices\/emergenza-coronavirus\/\" target=\"_self\">\r\n\t\t\t\t<img loading=\"lazy\" decoding=\"async\" width=\"640\" height=\"358\" src=\"https:\/\/studiomac.net\/wp-content\/uploads\/2023\/10\/covid-studiomac.png\" class=\"attachment-large size-large wp-image-840\" alt=\"\" srcset=\"https:\/\/studiomac.net\/wp-content\/uploads\/2023\/10\/covid-studiomac.png 882w, https:\/\/studiomac.net\/wp-content\/uploads\/2023\/10\/covid-studiomac-300x168.png 300w, https:\/\/studiomac.net\/wp-content\/uploads\/2023\/10\/covid-studiomac-768x430.png 768w\" sizes=\"(max-width: 640px) 100vw, 640px\" \/>\t\t\t\t<\/a>\r\n\t\t\t\t\t\t\t\t\t\t<\/div>\r\n\t\t\t\t\t\t\t\t\t\t\t\t\t<div class=\"premium-blog-effect-container premium-blog-diagonal-effect\">\r\n\t\t\t\t\t\t\t\t<a class=\"premium-blog-post-link\" href=\"https:\/\/studiomac.net\/index.php\/bmservices\/emergenza-coronavirus\/\" target=\"_self\"><span>EMERGENZA CORONAVIRUS<\/span><\/a>\r\n\t\t\t\t\t\t\t\t\t\t\t\t\t\t\t<\/div>\r\n\t\t\t\t\t\t\t\t\t\t\t<\/div>\r\n\t\t\t\t\t\t\t\t\t\t\t\t<div class=\"premium-blog-content-wrapper \">\r\n\r\n\t\t\t\t\t<div class=\"premium-blog-inner-container\">\r\n\r\n\t\t\t\t\t\t\t\t\t\t\t\t\t\t<h2 class=\"premium-blog-entry-title\">\r\n\t\t\t<a href=\"https:\/\/studiomac.net\/index.php\/bmservices\/emergenza-coronavirus\/\" target=\"_self\">\r\n\t\t\t\tEMERGENZA CORONAVIRUS\t\t\t<\/a>\r\n\t\t<\/h2>\r\n\t\t\t\t<div class=\"premium-blog-entry-meta\">\r\n\t\t\t\r\n\t\t\t\r\n\t\t\t\r\n\t\t\t\t\t<\/div>\r\n\t\t\r\n\t\t\t\t\t<\/div>\r\n\r\n\t\t\t\t\t\t\t<div class=\"premium-blog-content-inner-wrapper\">\r\n\t\t<p class=\"premium-blog-post-content\">Gentilissimi utenti, al fine di conformarci alle indicazioni ministeriali relative alla riduzione dei contatti tra persone, invitiamo\u00a0TUTTI\u00a0a contattare lo studio solo telefonicamente \u2026<\/p>\t\t<\/div>\r\n\t\t\t\t\t\t\t\r\n\t\t\t\t<\/div>\r\n\t\t\t<\/div>\r\n\t\t<\/div>\r\n\r\n\t\t\t\t<div class=\"premium-blog-post-outer-container\" data-total=\"1\">\r\n\t\t\t<div class=\"premium-blog-post-container premium-blog-skin-modern\">\r\n\t\t\t\t\t\t\t\t\t<div class=\"premium-blog-thumb-effect-wrapper\">\r\n\t\t\t\t\t\t<div class=\"premium-blog-thumbnail-container premium-blog-zoomin-effect\">\r\n\t\t\t\t\t\t\t\t\t\t\t<a href=\"https:\/\/studiomac.net\/index.php\/bmservices\/chiusura-estiva-2018\/\" target=\"_self\">\r\n\t\t\t\t<img decoding=\"async\" width=\"241\" height=\"125\" src=\"https:\/\/studiomac.net\/wp-content\/uploads\/2022\/03\/logo-studiomac.png\" class=\"attachment-large size-large wp-image-702\" alt=\"\" \/>\t\t\t\t<\/a>\r\n\t\t\t\t\t\t\t\t\t\t<\/div>\r\n\t\t\t\t\t\t\t\t\t\t\t\t\t<div class=\"premium-blog-effect-container premium-blog-diagonal-effect\">\r\n\t\t\t\t\t\t\t\t<a class=\"premium-blog-post-link\" href=\"https:\/\/studiomac.net\/index.php\/bmservices\/chiusura-estiva-2018\/\" target=\"_self\"><span>CHIUSURA ESTIVA 2018<\/span><\/a>\r\n\t\t\t\t\t\t\t\t\t\t\t\t\t\t\t<\/div>\r\n\t\t\t\t\t\t\t\t\t\t\t<\/div>\r\n\t\t\t\t\t\t\t\t\t\t\t\t<div class=\"premium-blog-content-wrapper \">\r\n\r\n\t\t\t\t\t<div class=\"premium-blog-inner-container\">\r\n\r\n\t\t\t\t\t\t\t\t\t\t\t\t\t\t<h2 class=\"premium-blog-entry-title\">\r\n\t\t\t<a href=\"https:\/\/studiomac.net\/index.php\/bmservices\/chiusura-estiva-2018\/\" target=\"_self\">\r\n\t\t\t\tCHIUSURA ESTIVA 2018\t\t\t<\/a>\r\n\t\t<\/h2>\r\n\t\t\t\t<div class=\"premium-blog-entry-meta\">\r\n\t\t\t\r\n\t\t\t\r\n\t\t\t\r\n\t\t\t\t\t<\/div>\r\n\t\t\r\n\t\t\t\t\t<\/div>\r\n\r\n\t\t\t\t\t\t\t<div class=\"premium-blog-content-inner-wrapper\">\r\n\t\t<p class=\"premium-blog-post-content\">Si informa, che nel mese di agosto lo sportello incassi rester\u00e0 chiuso dal 13 al 17; rester\u00e0 chiuso anche quello dedicato ai \u2026<\/p>\t\t<\/div>\r\n\t\t\t\t\t\t\t\r\n\t\t\t\t<\/div>\r\n\t\t\t<\/div>\r\n\t\t<\/div>\r\n\r\n\t\t\t\t<div class=\"premium-blog-post-outer-container\" data-total=\"1\">\r\n\t\t\t<div class=\"premium-blog-post-container premium-blog-skin-modern\">\r\n\t\t\t\t\t\t\t\t\t<div class=\"premium-blog-thumb-effect-wrapper\">\r\n\t\t\t\t\t\t<div class=\"premium-blog-thumbnail-container premium-blog-zoomin-effect\">\r\n\t\t\t\t\t\t\t\t\t\t\t<a href=\"https:\/\/studiomac.net\/index.php\/bmservices\/trattamento-privacy\/\" target=\"_self\">\r\n\t\t\t\t<img decoding=\"async\" width=\"241\" height=\"125\" src=\"https:\/\/studiomac.net\/wp-content\/uploads\/2022\/03\/logo-studiomac.png\" class=\"attachment-large size-large wp-image-702\" alt=\"\" \/>\t\t\t\t<\/a>\r\n\t\t\t\t\t\t\t\t\t\t<\/div>\r\n\t\t\t\t\t\t\t\t\t\t\t\t\t<div class=\"premium-blog-effect-container premium-blog-diagonal-effect\">\r\n\t\t\t\t\t\t\t\t<a class=\"premium-blog-post-link\" href=\"https:\/\/studiomac.net\/index.php\/bmservices\/trattamento-privacy\/\" target=\"_self\"><span>TRATTAMENTO PRIVACY<\/span><\/a>\r\n\t\t\t\t\t\t\t\t\t\t\t\t\t\t\t<\/div>\r\n\t\t\t\t\t\t\t\t\t\t\t<\/div>\r\n\t\t\t\t\t\t\t\t\t\t\t\t<div class=\"premium-blog-content-wrapper \">\r\n\r\n\t\t\t\t\t<div class=\"premium-blog-inner-container\">\r\n\r\n\t\t\t\t\t\t\t\t\t\t\t\t\t\t<h2 class=\"premium-blog-entry-title\">\r\n\t\t\t<a href=\"https:\/\/studiomac.net\/index.php\/bmservices\/trattamento-privacy\/\" target=\"_self\">\r\n\t\t\t\tTRATTAMENTO PRIVACY\t\t\t<\/a>\r\n\t\t<\/h2>\r\n\t\t\t\t<div class=\"premium-blog-entry-meta\">\r\n\t\t\t\r\n\t\t\t\r\n\t\t\t\r\n\t\t\t\t\t<\/div>\r\n\t\t\r\n\t\t\t\t\t<\/div>\r\n\r\n\t\t\t\t\t\t\t<div class=\"premium-blog-content-inner-wrapper\">\r\n\t\t<p class=\"premium-blog-post-content\">In seguito all\u2019entrata in vigore del GDPR Europeo sul trattamento dei dati privacy, Studio Mac pubblica il modulo di accettazione di trattamento \u2026<\/p>\t\t<\/div>\r\n\t\t\t\t\t\t\t\r\n\t\t\t\t<\/div>\r\n\t\t\t<\/div>\r\n\t\t<\/div>\r\n\r\n\t\t\t\t\t\t\t<\/div>\r\n\r\n\t\t\r\n\t\t\r\n\t\t\t\t\t\t<\/div>\n\t\t\t\t<\/div>\n\t\t\t\t<\/div>\n\t\t<div class=\"elementor-element elementor-element-f4eef4c e-flex e-con-boxed e-con e-parent\" data-id=\"f4eef4c\" data-element_type=\"container\" data-e-type=\"container\">\n\t\t\t\t\t<div class=\"e-con-inner\">\n\t\t\t\t<div class=\"elementor-element elementor-element-f0d0427 elementor-widget__width-initial elementor-widget elementor-widget-heading\" data-id=\"f0d0427\" data-element_type=\"widget\" data-e-type=\"widget\" data-widget_type=\"heading.default\">\n\t\t\t\t<div class=\"elementor-widget-container\">\n\t\t\t\t\t<h2 class=\"elementor-heading-title elementor-size-default\"><font color=\"#333333\" face=\"Montserrat, Arial, Helvetica, sans-serif\"><span style=\"font-size: 24px;font-weight: 500;letter-spacing: -0.48px;text-transform: uppercase\">ORARI DI APERTURA<\/span><\/font><\/h2>\t\t\t\t<\/div>\n\t\t\t\t<\/div>\n\t\t\t\t\t<\/div>\n\t\t\t\t<\/div>\n\t\t<div class=\"elementor-element elementor-element-f6c337c e-flex e-con-boxed e-con e-parent\" data-id=\"f6c337c\" data-element_type=\"container\" data-e-type=\"container\">\n\t\t\t\t\t<div class=\"e-con-inner\">\n\t\t<div class=\"elementor-element elementor-element-7497fe6 e-con-full e-flex e-con e-child\" data-id=\"7497fe6\" data-element_type=\"container\" data-e-type=\"container\">\n\t\t\t\t<div class=\"elementor-element elementor-element-2351ffc elementor-widget elementor-widget-heading\" data-id=\"2351ffc\" data-element_type=\"widget\" data-e-type=\"widget\" data-widget_type=\"heading.default\">\n\t\t\t\t<div class=\"elementor-widget-container\">\n\t\t\t\t\t<h2 class=\"elementor-heading-title elementor-size-default\">SPORTELLO FORNITORI <\/h2>\t\t\t\t<\/div>\n\t\t\t\t<\/div>\n\t\t\t\t<div class=\"elementor-element elementor-element-1c234c9 elementor-widget__width-initial elementor-widget elementor-widget-text-editor\" data-id=\"1c234c9\" data-element_type=\"widget\" data-e-type=\"widget\" data-widget_type=\"text-editor.default\">\n\t\t\t\t<div class=\"elementor-widget-container\">\n\t\t\t\t\t\t\t\t\t<ul><li><span style=\"color: #000000;\">Si riceve solo previo appuntamento<\/span><\/li><\/ul>\t\t\t\t\t\t\t\t<\/div>\n\t\t\t\t<\/div>\n\t\t\t\t<\/div>\n\t\t<div class=\"elementor-element elementor-element-c3eb332 e-con-full e-flex e-con e-child\" data-id=\"c3eb332\" data-element_type=\"container\" data-e-type=\"container\">\n\t\t\t\t<div class=\"elementor-element elementor-element-7c2889e elementor-widget elementor-widget-heading\" data-id=\"7c2889e\" data-element_type=\"widget\" data-e-type=\"widget\" data-widget_type=\"heading.default\">\n\t\t\t\t<div class=\"elementor-widget-container\">\n\t\t\t\t\t<h2 class=\"elementor-heading-title elementor-size-default\">SPORTELLO INCASSI PER I CONDOMINI<\/h2>\t\t\t\t<\/div>\n\t\t\t\t<\/div>\n\t\t\t\t<div class=\"elementor-element elementor-element-3e50110 elementor-widget elementor-widget-text-editor\" data-id=\"3e50110\" data-element_type=\"widget\" data-e-type=\"widget\" data-widget_type=\"text-editor.default\">\n\t\t\t\t<div class=\"elementor-widget-container\">\n\t\t\t\t\t\t\t\t\t<ul>\n<li><span style=\"color: #000000;\">Lunedi dalle ore 10:00 alle ore 12:00<\/span><\/li>\n<li><span style=\"color: #000000;\">Marted\u00ec dalle ore 16:00 alle ore 19:00<\/span><\/li>\n<li><span style=\"color: #000000;\">Venerdi dalle ore 16:00 alle ore 19:00<\/span><\/li>\n<\/ul>\t\t\t\t\t\t\t\t<\/div>\n\t\t\t\t<\/div>\n\t\t\t\t<\/div>\n\t\t\t\t\t<\/div>\n\t\t\t\t<\/div>\n\t\t\t\t<\/div>\n\t\t","protected":false},"excerpt":{"rendered":"<p>STUDIO MAC | GESTIONE GLOBALE IMMOBILIARE Lo Studio MAC s.r.l., dell\u2019amministratore unico Stanislao Massaro,\u00a0 opera nel settore delle amministrazioni condominiali nella citt\u00e0 di Cosenza e nell\u2019intera Provincia. La seriet\u00e0 professionale, i numerosi immobili gestiti e l\u2019indice di gradimento degli amministrati sono il nostro core business aziendale. Lo Studio MAC si avvale delle pi\u00f9 recenti tecnologie [&hellip;]<\/p>\n","protected":false},"author":1,"featured_media":0,"parent":0,"menu_order":0,"comment_status":"closed","ping_status":"closed","template":"","meta":{"om_disable_all_campaigns":false,"_monsterinsights_skip_tracking":false,"_monsterinsights_sitenote_active":false,"_monsterinsights_sitenote_note":"","_monsterinsights_sitenote_category":0,"footnotes":""},"class_list":["post-580","page","type-page","status-publish","hentry"],"aioseo_notices":[],"_links":{"self":[{"href":"https:\/\/studiomac.net\/index.php\/wp-json\/wp\/v2\/pages\/580","targetHints":{"allow":["GET"]}}],"collection":[{"href":"https:\/\/studiomac.net\/index.php\/wp-json\/wp\/v2\/pages"}],"about":[{"href":"https:\/\/studiomac.net\/index.php\/wp-json\/wp\/v2\/types\/page"}],"author":[{"embeddable":true,"href":"https:\/\/studiomac.net\/index.php\/wp-json\/wp\/v2\/users\/1"}],"replies":[{"embeddable":true,"href":"https:\/\/studiomac.net\/index.php\/wp-json\/wp\/v2\/comments?post=580"}],"version-history":[{"count":94,"href":"https:\/\/studiomac.net\/index.php\/wp-json\/wp\/v2\/pages\/580\/revisions"}],"predecessor-version":[{"id":1131,"href":"https:\/\/studiomac.net\/index.php\/wp-json\/wp\/v2\/pages\/580\/revisions\/1131"}],"wp:attachment":[{"href":"https:\/\/studiomac.net\/index.php\/wp-json\/wp\/v2\/media?parent=580"}],"curies":[{"name":"wp","href":"https:\/\/api.w.org\/{rel}","templated":true}]}}